{"id":2223,"date":"2025-06-06T12:53:03","date_gmt":"2025-06-06T10:53:03","guid":{"rendered":"https:\/\/silejapon-m-etaitconte.com\/?page_id=2223"},"modified":"2025-06-06T20:35:10","modified_gmt":"2025-06-06T18:35:10","slug":"resultat-du-concours-de-dessin-manga-2025","status":"publish","type":"page","link":"https:\/\/silejapon-m-etaitconte.com\/index.php\/resultat-du-concours-de-dessin-manga-2025\/","title":{"rendered":"R\u00e9sultat du concours de dessin manga 2025"},"content":{"rendered":"\n<p>Le sujet, plus libre, et plus orient\u00e9 vers le character design (fan art et\/ou cr\u00e9ation originale), a plus parl\u00e9 et a connu un joli succ\u00e8s. Nous nous en r\u00e9jouissons. Cette ann\u00e9e, 4 cat\u00e9gories, les m\u00eames que l&rsquo;an dernier pour laisser plus de chances \u00e0 plus de participants. Les plus de 18 ans qui nous r\u00e9galent toujours autant et dont c&rsquo;est toujours aussi difficile de d\u00e9signer un vainqueur. Les ados, 15-18 ans, pas assez nombreux \u00e0 participer \u00e0 notre go\u00fbt, mais dont on a pu voir du brio et de l&rsquo;originalit\u00e9 pour ceux qui l&rsquo;ont fait . Les 11-14 ans tr\u00e8s nombreux \u00e0 participer avec des  talents qu&rsquo;on sera content de revoir dans l&rsquo;avenir pour voir leur \u00e9volution. Et puis les moins de 11 ans, eux aussi tr\u00e8s nombreux et qui am\u00e8nent toujours un rayon de gaiet\u00e9 \u00e0 ce concours. Un Premier Prix et un Second Prix dans chaque cat\u00e9gorie sauf chez les 11-14 ans o\u00f9 il y a 3 prix, 3 dessins se sont nettement d\u00e9tach\u00e9s lors du jury, un Premier Prix qui est notre best de cette ann\u00e9e de l&rsquo;avis de tous et deux seconds que l&rsquo;on n&rsquo;arrivait pas \u00e0 d\u00e9partager. <\/p>\n\n\n\n<p>Encore une fois beaucoup de qualit\u00e9 cette ann\u00e9e, c&rsquo;est toujours super pour nous de recevoir tous vos magnifiques dessins. Un grand merci \u00e0 tous les participants, \u00e0 ceux qui reviennent chaque ann\u00e9e ou presque, aux nouveaux qui participaient pour la premi\u00e8re fois et de chaudes f\u00e9licitations aux vainqueurs dont voici les dessins. <\/p>\n\n\n\n<p class=\"has-white-color has-text-color has-background has-medium-font-size\" style=\"background:linear-gradient(294deg,rgb(249,249,249) 0%,rgb(175,130,196) 91%)\"><strong>Cat\u00e9gorie plus de 18 ans<\/strong><\/p>\n\n\n\n<figure class=\"wp-block-image size-full is-resized\"><img loading=\"lazy\" decoding=\"async\" width=\"1730\" height=\"2452\" src=\"https:\/\/silejapon-m-etaitconte.com\/wp-content\/uploads\/2025\/06\/Baptiste_p.jpg\" alt=\"\" class=\"wp-image-2294\" style=\"aspect-ratio:3\/4;object-fit:contain;width:700px\" srcset=\"https:\/\/silejapon-m-etaitconte.com\/wp-content\/uploads\/2025\/06\/Baptiste_p.jpg 1730w, https:\/\/silejapon-m-etaitconte.com\/wp-content\/uploads\/2025\/06\/Baptiste_p-212x300.jpg 212w, https:\/\/silejapon-m-etaitconte.com\/wp-content\/uploads\/2025\/06\/Baptiste_p-722x1024.jpg 722w, https:\/\/silejapon-m-etaitconte.com\/wp-content\/uploads\/2025\/06\/Baptiste_p-768x1089.jpg 768w, https:\/\/silejapon-m-etaitconte.com\/wp-content\/uploads\/2025\/06\/Baptiste_p-1084x1536.jpg 1084w, https:\/\/silejapon-m-etaitconte.com\/wp-content\/uploads\/2025\/06\/Baptiste_p-1445x2048.jpg 1445w\" sizes=\"auto, (max-width: 1730px) 100vw, 1730px\" \/><figcaption class=\"wp-element-caption\"><strong>1er prix : Baptiste DRIGOUT<\/strong><\/figcaption><\/figure>\n\n\n\n<figure class=\"wp-block-image size-full is-resized\"><img loading=\"lazy\" decoding=\"async\" width=\"2310\" height=\"1733\" src=\"https:\/\/silejapon-m-etaitconte.com\/wp-content\/uploads\/2025\/06\/Emmelane_p.jpg\" alt=\"\" class=\"wp-image-2298\" style=\"aspect-ratio:4\/3;object-fit:contain;height:700px\" srcset=\"https:\/\/silejapon-m-etaitconte.com\/wp-content\/uploads\/2025\/06\/Emmelane_p.jpg 2310w, https:\/\/silejapon-m-etaitconte.com\/wp-content\/uploads\/2025\/06\/Emmelane_p-300x225.jpg 300w, https:\/\/silejapon-m-etaitconte.com\/wp-content\/uploads\/2025\/06\/Emmelane_p-1024x768.jpg 1024w, https:\/\/silejapon-m-etaitconte.com\/wp-content\/uploads\/2025\/06\/Emmelane_p-768x576.jpg 768w, https:\/\/silejapon-m-etaitconte.com\/wp-content\/uploads\/2025\/06\/Emmelane_p-1536x1152.jpg 1536w, https:\/\/silejapon-m-etaitconte.com\/wp-content\/uploads\/2025\/06\/Emmelane_p-2048x1536.jpg 2048w, https:\/\/silejapon-m-etaitconte.com\/wp-content\/uploads\/2025\/06\/Emmelane_p-600x450.jpg 600w\" sizes=\"auto, (max-width: 2310px) 100vw, 2310px\" \/><figcaption class=\"wp-element-caption\"><strong>2\u00e8me Prix :<\/strong> <strong>Emm\u00e9ranne LIBERT<\/strong><\/figcaption><\/figure>\n\n\n\n<p class=\"has-white-color has-text-color has-background has-medium-font-size\" style=\"background:linear-gradient(252deg,rgb(255,255,255) 0%,rgb(151,166,219) 90%)\"><strong>Cat\u00e9gorie 15-17 ans<\/strong><\/p>\n\n\n\n<figure class=\"wp-block-image size-full is-resized\"><img loading=\"lazy\" decoding=\"async\" width=\"1786\" height=\"2452\" src=\"https:\/\/silejapon-m-etaitconte.com\/wp-content\/uploads\/2025\/06\/Cleophe-2_p-rotated.jpg\" alt=\"\" class=\"wp-image-2295\" style=\"aspect-ratio:3\/4;object-fit:contain;width:700px\" srcset=\"https:\/\/silejapon-m-etaitconte.com\/wp-content\/uploads\/2025\/06\/Cleophe-2_p-rotated.jpg 1786w, https:\/\/silejapon-m-etaitconte.com\/wp-content\/uploads\/2025\/06\/Cleophe-2_p-219x300.jpg 219w, https:\/\/silejapon-m-etaitconte.com\/wp-content\/uploads\/2025\/06\/Cleophe-2_p-746x1024.jpg 746w, https:\/\/silejapon-m-etaitconte.com\/wp-content\/uploads\/2025\/06\/Cleophe-2_p-768x1054.jpg 768w, https:\/\/silejapon-m-etaitconte.com\/wp-content\/uploads\/2025\/06\/Cleophe-2_p-1119x1536.jpg 1119w, https:\/\/silejapon-m-etaitconte.com\/wp-content\/uploads\/2025\/06\/Cleophe-2_p-1492x2048.jpg 1492w\" sizes=\"auto, (max-width: 1786px) 100vw, 1786px\" \/><figcaption class=\"wp-element-caption\"><strong>1er prix : Cl\u00e9oph\u00e9e PHAN NAULT<\/strong><\/figcaption><\/figure>\n\n\n\n<figure class=\"wp-block-image size-full is-resized\"><img loading=\"lazy\" decoding=\"async\" width=\"2453\" height=\"1731\" src=\"https:\/\/silejapon-m-etaitconte.com\/wp-content\/uploads\/2025\/06\/Kim_p.jpg\" alt=\"\" class=\"wp-image-2300\" style=\"aspect-ratio:4\/3;object-fit:contain;height:700px\" srcset=\"https:\/\/silejapon-m-etaitconte.com\/wp-content\/uploads\/2025\/06\/Kim_p.jpg 2453w, https:\/\/silejapon-m-etaitconte.com\/wp-content\/uploads\/2025\/06\/Kim_p-300x212.jpg 300w, https:\/\/silejapon-m-etaitconte.com\/wp-content\/uploads\/2025\/06\/Kim_p-1024x723.jpg 1024w, https:\/\/silejapon-m-etaitconte.com\/wp-content\/uploads\/2025\/06\/Kim_p-768x542.jpg 768w, https:\/\/silejapon-m-etaitconte.com\/wp-content\/uploads\/2025\/06\/Kim_p-1536x1084.jpg 1536w, https:\/\/silejapon-m-etaitconte.com\/wp-content\/uploads\/2025\/06\/Kim_p-2048x1445.jpg 2048w\" sizes=\"auto, (max-width: 2453px) 100vw, 2453px\" \/><figcaption class=\"wp-element-caption\"><strong>2\u00e8me prix : Kim<\/strong> <strong>WYRWICH<\/strong><\/figcaption><\/figure>\n\n\n\n<p class=\"has-white-color has-text-color has-background has-medium-font-size\" style=\"background:linear-gradient(275deg,rgb(255,255,255) 0%,rgb(109,187,154) 84%)\"><strong>Cat\u00e9gorie 11-14 ans<\/strong><\/p>\n\n\n\n<figure class=\"wp-block-image size-full is-resized\"><img loading=\"lazy\" decoding=\"async\" width=\"1742\" height=\"2291\" src=\"https:\/\/silejapon-m-etaitconte.com\/wp-content\/uploads\/2025\/06\/Garance_p.jpg\" alt=\"\" class=\"wp-image-2296\" style=\"aspect-ratio:3\/4;object-fit:contain;width:700px\" srcset=\"https:\/\/silejapon-m-etaitconte.com\/wp-content\/uploads\/2025\/06\/Garance_p.jpg 1742w, https:\/\/silejapon-m-etaitconte.com\/wp-content\/uploads\/2025\/06\/Garance_p-228x300.jpg 228w, https:\/\/silejapon-m-etaitconte.com\/wp-content\/uploads\/2025\/06\/Garance_p-779x1024.jpg 779w, https:\/\/silejapon-m-etaitconte.com\/wp-content\/uploads\/2025\/06\/Garance_p-768x1010.jpg 768w, https:\/\/silejapon-m-etaitconte.com\/wp-content\/uploads\/2025\/06\/Garance_p-1168x1536.jpg 1168w, https:\/\/silejapon-m-etaitconte.com\/wp-content\/uploads\/2025\/06\/Garance_p-1557x2048.jpg 1557w\" sizes=\"auto, (max-width: 1742px) 100vw, 1742px\" \/><figcaption class=\"wp-element-caption\"><strong>1er prix : Garance<\/strong> <strong>LAI<\/strong><\/figcaption><\/figure>\n\n\n\n<figure class=\"wp-block-image size-full is-resized\"><img loading=\"lazy\" decoding=\"async\" width=\"1736\" height=\"2453\" src=\"https:\/\/silejapon-m-etaitconte.com\/wp-content\/uploads\/2025\/06\/Ambre_p.jpg\" alt=\"\" class=\"wp-image-2297\" style=\"aspect-ratio:3\/4;object-fit:contain;width:700px\" srcset=\"https:\/\/silejapon-m-etaitconte.com\/wp-content\/uploads\/2025\/06\/Ambre_p.jpg 1736w, https:\/\/silejapon-m-etaitconte.com\/wp-content\/uploads\/2025\/06\/Ambre_p-212x300.jpg 212w, https:\/\/silejapon-m-etaitconte.com\/wp-content\/uploads\/2025\/06\/Ambre_p-725x1024.jpg 725w, https:\/\/silejapon-m-etaitconte.com\/wp-content\/uploads\/2025\/06\/Ambre_p-768x1085.jpg 768w, https:\/\/silejapon-m-etaitconte.com\/wp-content\/uploads\/2025\/06\/Ambre_p-1087x1536.jpg 1087w, https:\/\/silejapon-m-etaitconte.com\/wp-content\/uploads\/2025\/06\/Ambre_p-1449x2048.jpg 1449w\" sizes=\"auto, (max-width: 1736px) 100vw, 1736px\" \/><figcaption class=\"wp-element-caption\"><strong><strong>2\u00e8me prix<\/strong><\/strong> <strong><strong>ex-\u00e6quo<\/strong> : Ambre PARADA<\/strong><\/figcaption><\/figure>\n\n\n\n<figure class=\"wp-block-image size-full is-resized\"><img loading=\"lazy\" decoding=\"async\" width=\"1722\" height=\"2453\" src=\"https:\/\/silejapon-m-etaitconte.com\/wp-content\/uploads\/2025\/06\/Guilhem_p.jpg\" alt=\"\" class=\"wp-image-2299\" style=\"aspect-ratio:3\/4;object-fit:contain;width:700px\" srcset=\"https:\/\/silejapon-m-etaitconte.com\/wp-content\/uploads\/2025\/06\/Guilhem_p.jpg 1722w, https:\/\/silejapon-m-etaitconte.com\/wp-content\/uploads\/2025\/06\/Guilhem_p-211x300.jpg 211w, https:\/\/silejapon-m-etaitconte.com\/wp-content\/uploads\/2025\/06\/Guilhem_p-719x1024.jpg 719w, https:\/\/silejapon-m-etaitconte.com\/wp-content\/uploads\/2025\/06\/Guilhem_p-768x1094.jpg 768w, https:\/\/silejapon-m-etaitconte.com\/wp-content\/uploads\/2025\/06\/Guilhem_p-1078x1536.jpg 1078w, https:\/\/silejapon-m-etaitconte.com\/wp-content\/uploads\/2025\/06\/Guilhem_p-1438x2048.jpg 1438w\" sizes=\"auto, (max-width: 1722px) 100vw, 1722px\" \/><figcaption class=\"wp-element-caption\"><strong>2\u00e8me prix ex-\u00e6quo : Guilhem<\/strong> <strong>ROQUE<\/strong><\/figcaption><\/figure>\n\n\n\n<p class=\"has-white-color has-text-color has-background has-medium-font-size\" style=\"background:linear-gradient(269deg,rgb(254,254,254) 0%,rgb(221,208,64) 74%)\"><strong>Cat\u00e9gorie 6-10 ans<\/strong><\/p>\n\n\n\n<figure class=\"wp-block-image size-full is-resized\"><img loading=\"lazy\" decoding=\"async\" width=\"2453\" height=\"1739\" src=\"https:\/\/silejapon-m-etaitconte.com\/wp-content\/uploads\/2025\/06\/Emilien_p.jpg\" alt=\"\" class=\"wp-image-2301\" style=\"aspect-ratio:4\/3;object-fit:contain;height:700px\" srcset=\"https:\/\/silejapon-m-etaitconte.com\/wp-content\/uploads\/2025\/06\/Emilien_p.jpg 2453w, https:\/\/silejapon-m-etaitconte.com\/wp-content\/uploads\/2025\/06\/Emilien_p-300x213.jpg 300w, https:\/\/silejapon-m-etaitconte.com\/wp-content\/uploads\/2025\/06\/Emilien_p-1024x726.jpg 1024w, https:\/\/silejapon-m-etaitconte.com\/wp-content\/uploads\/2025\/06\/Emilien_p-768x544.jpg 768w, https:\/\/silejapon-m-etaitconte.com\/wp-content\/uploads\/2025\/06\/Emilien_p-1536x1089.jpg 1536w, https:\/\/silejapon-m-etaitconte.com\/wp-content\/uploads\/2025\/06\/Emilien_p-2048x1452.jpg 2048w\" sizes=\"auto, (max-width: 2453px) 100vw, 2453px\" \/><figcaption class=\"wp-element-caption\"><strong><strong>1er prix<\/strong><\/strong> : <strong>Emilien BERNOLE NOLIN<\/strong><\/figcaption><\/figure>\n\n\n\n<figure class=\"wp-block-image size-full is-resized\"><img loading=\"lazy\" decoding=\"async\" width=\"1728\" height=\"2453\" src=\"https:\/\/silejapon-m-etaitconte.com\/wp-content\/uploads\/2025\/06\/Manon_p.jpg\" alt=\"\" class=\"wp-image-2302\" style=\"aspect-ratio:3\/4;object-fit:contain;width:700px\" srcset=\"https:\/\/silejapon-m-etaitconte.com\/wp-content\/uploads\/2025\/06\/Manon_p.jpg 1728w, https:\/\/silejapon-m-etaitconte.com\/wp-content\/uploads\/2025\/06\/Manon_p-211x300.jpg 211w, https:\/\/silejapon-m-etaitconte.com\/wp-content\/uploads\/2025\/06\/Manon_p-721x1024.jpg 721w, https:\/\/silejapon-m-etaitconte.com\/wp-content\/uploads\/2025\/06\/Manon_p-768x1090.jpg 768w, https:\/\/silejapon-m-etaitconte.com\/wp-content\/uploads\/2025\/06\/Manon_p-1082x1536.jpg 1082w, https:\/\/silejapon-m-etaitconte.com\/wp-content\/uploads\/2025\/06\/Manon_p-1443x2048.jpg 1443w\" sizes=\"auto, (max-width: 1728px) 100vw, 1728px\" \/><figcaption class=\"wp-element-caption\"><strong>2\u00e8me prix : Manon SCHAFT<\/strong><\/figcaption><\/figure>\n\n\n\n<p>Un grand merci \u00e0 tous nos partenaires, la <strong><a href=\"https:\/\/www.conflentcanigo.fr\/mediatheques\">m\u00e9diath\u00e8que de Prades<\/a><\/strong> et la librairie manga<strong> <a href=\"https:\/\/www.facebook.com\/hybridperpignan\/?locale=fr_FR\">Hybrid<\/a> <\/strong>\u00e0 Perpignan pour leur soutien logistique dans l\u2019organisation de ce concours car sans eux ce serait compliqu\u00e9. <\/p>\n\n\n\n<p>Pour les prix d\u00e9cern\u00e9s aux vainqueurs nous remercions chaleureusement nos habituels partenaires, la librairie manga<strong> <a href=\"https:\/\/www.facebook.com\/hybridperpignan\/?locale=fr_FR\">Hybrid<\/a> <\/strong>\u00e0 Perpignan, la librairie<strong> <a href=\"https:\/\/www.librairielalibambulle.fr\/\">La Libambulle <\/a><\/strong>\u00e0 Prades, le restaurant japonais<strong> <a href=\"https:\/\/www.facebook.com\/minamiperpignan\">Minami<\/a><\/strong> \u00e0 Perpignan et la boutique<strong> <a href=\"https:\/\/www.facebook.com\/profile.php?id=100070901625922\">Atelier Art 29<\/a><\/strong> \u00e0 Villefranche de Conflent, ainsi que les nouveaux partenaires venus rejoindre le concours cette ann\u00e9e : les magasins de beaux-arts <a href=\"https:\/\/www.outremerblue.fr\/\"><strong>Outremer\u2019Blue<\/strong><\/a> \u00e0 Perpignan et <strong><a href=\"https:\/\/www.colori-perpignan.fr\/\">Color\u2019i <\/a><\/strong>\u00e0 Cabestany, le snack manga <strong><a href=\"https:\/\/www.karaage-jutsu.fr\/\">Karaage-jutsu<\/a><\/strong> \u00e0 Perpignan, le salon de coiffure <a href=\"https:\/\/www.instagram.com\/otaku.b.s?igsh=aXVuaHVwZnNhcnJu\"><strong>Otaku<\/strong> <strong>Barber Shop<\/strong><\/a> \u00e0 Prades, et les <strong><a href=\"https:\/\/www.cine-rencontres.org\/\">Cin\u00e9-Rencontres<\/a><\/strong> \u00e0 Prades. Un grand merci \u00e0 tous car sans vous aussi le concours ne pourrait pas avoir lieu. <\/p>\n\n\n\n<p>La remise des prix aura lieu le samedi 14 juin de 10h \u00e0 12h \u00e0 la m\u00e9diath\u00e8que de Prades. Les dessins seront ensuite expos\u00e9s \u00e0 partir de la remise des prix comme chaque ann\u00e9e \u00e0 la m\u00e9diath\u00e8que de Prades jusqu&rsquo;au 23 juillet. <\/p>\n\n\n\n<p>Pour voir les autres meilleurs dessins, suivez <a href=\"https:\/\/silejapon-m-etaitconte.com\/index.php\/dessins-des-participants-2025\/\">le lien<\/a>.<\/p>\n","protected":false},"excerpt":{"rendered":"<p>Le sujet, plus libre, et plus orient\u00e9 vers le character design (fan art et\/ou cr\u00e9ation originale), a plus parl\u00e9 et a connu un joli succ\u00e8s. Nous nous en r\u00e9jouissons. Cette ann\u00e9e, 4 cat\u00e9gories, les m\u00eames que l&rsquo;an dernier pour laisser plus de chances \u00e0 plus de participants. Les plus de 18 ans qui nous r\u00e9galent toujours autant et dont c&rsquo;est toujours aussi difficile de d\u00e9signer un vainqueur. Les ados, 15-18 ans, pas assez nombreux \u00e0 participer \u00e0 notre go\u00fbt, mais dont on a pu voir du brio et de l&rsquo;originalit\u00e9 pour ceux qui l&rsquo;ont fait . Les 11-14 ans tr\u00e8s<\/p>\n","protected":false},"author":1,"featured_media":0,"parent":0,"menu_order":0,"comment_status":"closed","ping_status":"closed","template":"","meta":{"footnotes":""},"class_list":["post-2223","page","type-page","status-publish","hentry","comments-off"],"yoast_head":"<!-- This site is optimized with the Yoast SEO plugin v21.0 - https:\/\/yoast.com\/wordpress\/plugins\/seo\/ -->\n<title>R\u00e9sultat du concours de dessin manga 2025 - Si le Japon m&#039;\u00e9tait cont\u00e9<\/title>\n<meta name=\"robots\" content=\"index, follow, max-snippet:-1, max-image-preview:large, max-video-preview:-1\" \/>\n<link rel=\"canonical\" href=\"https:\/\/silejapon-m-etaitconte.com\/index.php\/resultat-du-concours-de-dessin-manga-2025\/\" \/>\n<meta property=\"og:locale\" content=\"fr_FR\" \/>\n<meta property=\"og:type\" content=\"article\" \/>\n<meta property=\"og:title\" content=\"R\u00e9sultat du concours de dessin manga 2025\" \/>\n<meta property=\"og:description\" content=\"Le sujet, plus libre, et plus orient\u00e9 vers le character design (fan art et\/ou cr\u00e9ation originale), a plus parl\u00e9 et a connu un joli succ\u00e8s. Nous nous en r\u00e9jouissons. Cette ann\u00e9e, 4 cat\u00e9gories, les m\u00eames que l&rsquo;an dernier pour laisser plus de chances \u00e0 plus de participants. Les plus de 18 ans qui nous r\u00e9galent toujours autant et dont c&rsquo;est toujours aussi difficile de d\u00e9signer un vainqueur. Les ados, 15-18 ans, pas assez nombreux \u00e0 participer \u00e0 notre go\u00fbt, mais dont on a pu voir du brio et de l&rsquo;originalit\u00e9 pour ceux qui l&rsquo;ont fait . Les 11-14 ans tr\u00e8s\" \/>\n<meta property=\"og:url\" content=\"https:\/\/silejapon-m-etaitconte.com\/index.php\/resultat-du-concours-de-dessin-manga-2025\/\" \/>\n<meta property=\"og:site_name\" content=\"Si le Japon m&#039;\u00e9tait cont\u00e9\" \/>\n<meta property=\"article:publisher\" content=\"https:\/\/www.facebook.com\/people\/Si-le-Japon-mtait-cont\/100081623407869\/\" \/>\n<meta property=\"article:modified_time\" content=\"2025-06-06T18:35:10+00:00\" \/>\n<meta property=\"og:image\" content=\"https:\/\/silejapon-m-etaitconte.com\/wp-content\/uploads\/2025\/06\/Baptiste_p.jpg\" \/>\n\t<meta property=\"og:image:width\" content=\"1730\" \/>\n\t<meta property=\"og:image:height\" content=\"2452\" \/>\n\t<meta property=\"og:image:type\" content=\"image\/jpeg\" \/>\n<meta name=\"twitter:card\" content=\"summary_large_image\" \/>\n<meta name=\"twitter:label1\" content=\"Dur\u00e9e de lecture estim\u00e9e\" \/>\n\t<meta name=\"twitter:data1\" content=\"5 minutes\" \/>\n<script type=\"application\/ld+json\" class=\"yoast-schema-graph\">{\"@context\":\"https:\/\/schema.org\",\"@graph\":[{\"@type\":\"WebPage\",\"@id\":\"https:\/\/silejapon-m-etaitconte.com\/index.php\/resultat-du-concours-de-dessin-manga-2025\/\",\"url\":\"https:\/\/silejapon-m-etaitconte.com\/index.php\/resultat-du-concours-de-dessin-manga-2025\/\",\"name\":\"R\u00e9sultat du concours de dessin manga 2025 - Si le Japon m&#039;\u00e9tait cont\u00e9\",\"isPartOf\":{\"@id\":\"https:\/\/silejapon-m-etaitconte.com\/#website\"},\"datePublished\":\"2025-06-06T10:53:03+00:00\",\"dateModified\":\"2025-06-06T18:35:10+00:00\",\"breadcrumb\":{\"@id\":\"https:\/\/silejapon-m-etaitconte.com\/index.php\/resultat-du-concours-de-dessin-manga-2025\/#breadcrumb\"},\"inLanguage\":\"fr-FR\",\"potentialAction\":[{\"@type\":\"ReadAction\",\"target\":[\"https:\/\/silejapon-m-etaitconte.com\/index.php\/resultat-du-concours-de-dessin-manga-2025\/\"]}]},{\"@type\":\"BreadcrumbList\",\"@id\":\"https:\/\/silejapon-m-etaitconte.com\/index.php\/resultat-du-concours-de-dessin-manga-2025\/#breadcrumb\",\"itemListElement\":[{\"@type\":\"ListItem\",\"position\":1,\"name\":\"Accueil\",\"item\":\"https:\/\/silejapon-m-etaitconte.com\/\"},{\"@type\":\"ListItem\",\"position\":2,\"name\":\"R\u00e9sultat du concours de dessin manga 2025\"}]},{\"@type\":\"WebSite\",\"@id\":\"https:\/\/silejapon-m-etaitconte.com\/#website\",\"url\":\"https:\/\/silejapon-m-etaitconte.com\/\",\"name\":\"Si le Japon m'\u00e9tait cont\u00e9\",\"description\":\"Une passerelle entre la France et le Japon\",\"publisher\":{\"@id\":\"https:\/\/silejapon-m-etaitconte.com\/#organization\"},\"potentialAction\":[{\"@type\":\"SearchAction\",\"target\":{\"@type\":\"EntryPoint\",\"urlTemplate\":\"https:\/\/silejapon-m-etaitconte.com\/?s={search_term_string}\"},\"query-input\":\"required name=search_term_string\"}],\"inLanguage\":\"fr-FR\"},{\"@type\":\"Organization\",\"@id\":\"https:\/\/silejapon-m-etaitconte.com\/#organization\",\"name\":\"Si le Japon m'\u00e9tait cont\u00e9\",\"url\":\"https:\/\/silejapon-m-etaitconte.com\/\",\"logo\":{\"@type\":\"ImageObject\",\"inLanguage\":\"fr-FR\",\"@id\":\"https:\/\/silejapon-m-etaitconte.com\/#\/schema\/logo\/image\/\",\"url\":\"https:\/\/silejapon-m-etaitconte.com\/wp-content\/uploads\/2022\/02\/logo_long.jpg\",\"contentUrl\":\"https:\/\/silejapon-m-etaitconte.com\/wp-content\/uploads\/2022\/02\/logo_long.jpg\",\"width\":2444,\"height\":390,\"caption\":\"Si le Japon m'\u00e9tait cont\u00e9\"},\"image\":{\"@id\":\"https:\/\/silejapon-m-etaitconte.com\/#\/schema\/logo\/image\/\"},\"sameAs\":[\"https:\/\/www.facebook.com\/people\/Si-le-Japon-mtait-cont\/100081623407869\/\"]}]}<\/script>\n<!-- \/ Yoast SEO plugin. -->","yoast_head_json":{"title":"R\u00e9sultat du concours de dessin manga 2025 - Si le Japon m&#039;\u00e9tait cont\u00e9","robots":{"index":"index","follow":"follow","max-snippet":"max-snippet:-1","max-image-preview":"max-image-preview:large","max-video-preview":"max-video-preview:-1"},"canonical":"https:\/\/silejapon-m-etaitconte.com\/index.php\/resultat-du-concours-de-dessin-manga-2025\/","og_locale":"fr_FR","og_type":"article","og_title":"R\u00e9sultat du concours de dessin manga 2025","og_description":"Le sujet, plus libre, et plus orient\u00e9 vers le character design (fan art et\/ou cr\u00e9ation originale), a plus parl\u00e9 et a connu un joli succ\u00e8s. Nous nous en r\u00e9jouissons. Cette ann\u00e9e, 4 cat\u00e9gories, les m\u00eames que l&rsquo;an dernier pour laisser plus de chances \u00e0 plus de participants. Les plus de 18 ans qui nous r\u00e9galent toujours autant et dont c&rsquo;est toujours aussi difficile de d\u00e9signer un vainqueur. Les ados, 15-18 ans, pas assez nombreux \u00e0 participer \u00e0 notre go\u00fbt, mais dont on a pu voir du brio et de l&rsquo;originalit\u00e9 pour ceux qui l&rsquo;ont fait . Les 11-14 ans tr\u00e8s","og_url":"https:\/\/silejapon-m-etaitconte.com\/index.php\/resultat-du-concours-de-dessin-manga-2025\/","og_site_name":"Si le Japon m&#039;\u00e9tait cont\u00e9","article_publisher":"https:\/\/www.facebook.com\/people\/Si-le-Japon-mtait-cont\/100081623407869\/","article_modified_time":"2025-06-06T18:35:10+00:00","og_image":[{"width":1730,"height":2452,"url":"https:\/\/silejapon-m-etaitconte.com\/wp-content\/uploads\/2025\/06\/Baptiste_p.jpg","type":"image\/jpeg"}],"twitter_card":"summary_large_image","twitter_misc":{"Dur\u00e9e de lecture estim\u00e9e":"5 minutes"},"schema":{"@context":"https:\/\/schema.org","@graph":[{"@type":"WebPage","@id":"https:\/\/silejapon-m-etaitconte.com\/index.php\/resultat-du-concours-de-dessin-manga-2025\/","url":"https:\/\/silejapon-m-etaitconte.com\/index.php\/resultat-du-concours-de-dessin-manga-2025\/","name":"R\u00e9sultat du concours de dessin manga 2025 - Si le Japon m&#039;\u00e9tait cont\u00e9","isPartOf":{"@id":"https:\/\/silejapon-m-etaitconte.com\/#website"},"datePublished":"2025-06-06T10:53:03+00:00","dateModified":"2025-06-06T18:35:10+00:00","breadcrumb":{"@id":"https:\/\/silejapon-m-etaitconte.com\/index.php\/resultat-du-concours-de-dessin-manga-2025\/#breadcrumb"},"inLanguage":"fr-FR","potentialAction":[{"@type":"ReadAction","target":["https:\/\/silejapon-m-etaitconte.com\/index.php\/resultat-du-concours-de-dessin-manga-2025\/"]}]},{"@type":"BreadcrumbList","@id":"https:\/\/silejapon-m-etaitconte.com\/index.php\/resultat-du-concours-de-dessin-manga-2025\/#breadcrumb","itemListElement":[{"@type":"ListItem","position":1,"name":"Accueil","item":"https:\/\/silejapon-m-etaitconte.com\/"},{"@type":"ListItem","position":2,"name":"R\u00e9sultat du concours de dessin manga 2025"}]},{"@type":"WebSite","@id":"https:\/\/silejapon-m-etaitconte.com\/#website","url":"https:\/\/silejapon-m-etaitconte.com\/","name":"Si le Japon m'\u00e9tait cont\u00e9","description":"Une passerelle entre la France et le Japon","publisher":{"@id":"https:\/\/silejapon-m-etaitconte.com\/#organization"},"potentialAction":[{"@type":"SearchAction","target":{"@type":"EntryPoint","urlTemplate":"https:\/\/silejapon-m-etaitconte.com\/?s={search_term_string}"},"query-input":"required name=search_term_string"}],"inLanguage":"fr-FR"},{"@type":"Organization","@id":"https:\/\/silejapon-m-etaitconte.com\/#organization","name":"Si le Japon m'\u00e9tait cont\u00e9","url":"https:\/\/silejapon-m-etaitconte.com\/","logo":{"@type":"ImageObject","inLanguage":"fr-FR","@id":"https:\/\/silejapon-m-etaitconte.com\/#\/schema\/logo\/image\/","url":"https:\/\/silejapon-m-etaitconte.com\/wp-content\/uploads\/2022\/02\/logo_long.jpg","contentUrl":"https:\/\/silejapon-m-etaitconte.com\/wp-content\/uploads\/2022\/02\/logo_long.jpg","width":2444,"height":390,"caption":"Si le Japon m'\u00e9tait cont\u00e9"},"image":{"@id":"https:\/\/silejapon-m-etaitconte.com\/#\/schema\/logo\/image\/"},"sameAs":["https:\/\/www.facebook.com\/people\/Si-le-Japon-mtait-cont\/100081623407869\/"]}]}},"_links":{"self":[{"href":"https:\/\/silejapon-m-etaitconte.com\/index.php\/wp-json\/wp\/v2\/pages\/2223","targetHints":{"allow":["GET"]}}],"collection":[{"href":"https:\/\/silejapon-m-etaitconte.com\/index.php\/wp-json\/wp\/v2\/pages"}],"about":[{"href":"https:\/\/silejapon-m-etaitconte.com\/index.php\/wp-json\/wp\/v2\/types\/page"}],"author":[{"embeddable":true,"href":"https:\/\/silejapon-m-etaitconte.com\/index.php\/wp-json\/wp\/v2\/users\/1"}],"replies":[{"embeddable":true,"href":"https:\/\/silejapon-m-etaitconte.com\/index.php\/wp-json\/wp\/v2\/comments?post=2223"}],"version-history":[{"count":19,"href":"https:\/\/silejapon-m-etaitconte.com\/index.php\/wp-json\/wp\/v2\/pages\/2223\/revisions"}],"predecessor-version":[{"id":2315,"href":"https:\/\/silejapon-m-etaitconte.com\/index.php\/wp-json\/wp\/v2\/pages\/2223\/revisions\/2315"}],"wp:attachment":[{"href":"https:\/\/silejapon-m-etaitconte.com\/index.php\/wp-json\/wp\/v2\/media?parent=2223"}],"curies":[{"name":"wp","href":"https:\/\/api.w.org\/{rel}","templated":true}]}}