{"id":1823,"date":"2024-05-20T19:08:58","date_gmt":"2024-05-20T17:08:58","guid":{"rendered":"https:\/\/silejapon-m-etaitconte.com\/?page_id=1823"},"modified":"2024-05-20T21:19:04","modified_gmt":"2024-05-20T19:19:04","slug":"resultat-du-concours-de-dessin-manga-2024","status":"publish","type":"page","link":"https:\/\/silejapon-m-etaitconte.com\/index.php\/resultat-du-concours-de-dessin-manga-2024\/","title":{"rendered":"R\u00e9sultat du concours de dessin manga 2024"},"content":{"rendered":"\n<p>Cette ann\u00e9e 4 cat\u00e9gories sont r\u00e9compens\u00e9es, les moins de 11 ans, les 11-14 ans, les 15-18 ans et les plus de 18 ans. Il y a 2 prix par cat\u00e9gories, un premier prix et un second prix, sauf dans la cat\u00e9gorie 15-18 o\u00f9 il y a 2 vainqueurs ex-\u00e6quo. <\/p>\n\n\n\n<p>F\u00e9licitations aux vainqueurs, on n&rsquo;y retrouve quelques participants de l&rsquo;an dernier qui ont rejou\u00e9 le jeu, merci \u00e0 eux. Merci aussi aux autres, ceux qui participent chaque ann\u00e9e et ceux qui participaient pour la premi\u00e8re fois. Si l&rsquo;an dernier avait \u00e9t\u00e9 une ann\u00e9e exceptionnelle en terme de qualit\u00e9 et de quantit\u00e9, cette ann\u00e9e la qualit\u00e9 est toujours au rendez-vous mais nous pouvons regretter d&rsquo;avoir re\u00e7u moins de dessins. Le sujet \u00e9tait-il trop difficile ? Le sujet \u00e9tait-il trop libre ? Ou le sujet ne parlait-il pas assez \u00e0 ceux qui participent habituellement ? C&rsquo;est en tout cas quelque chose \u00e0 laquelle nous devrons r\u00e9fl\u00e9chir pour l&rsquo;ann\u00e9e prochaine. Encore une fois nous disons merci \u00e0 tous les participants de nous avoir fait partager leur vision du futur !<\/p>\n\n\n\n<h2 class=\"wp-block-heading has-white-color has-luminous-dusk-gradient-background has-text-color has-background\">Cat\u00e9gorie plus de 18 ans<\/h2>\n\n\n\n<figure class=\"wp-block-image size-large is-resized\"><img loading=\"lazy\" decoding=\"async\" width=\"724\" height=\"1024\" src=\"https:\/\/silejapon-m-etaitconte.com\/wp-content\/uploads\/2024\/05\/emmeranne_libert-724x1024.jpg\" alt=\"dessin laur\u00e9at concours manga\" class=\"wp-image-1825\" style=\"width:550px\" srcset=\"https:\/\/silejapon-m-etaitconte.com\/wp-content\/uploads\/2024\/05\/emmeranne_libert-724x1024.jpg 724w, https:\/\/silejapon-m-etaitconte.com\/wp-content\/uploads\/2024\/05\/emmeranne_libert-212x300.jpg 212w, https:\/\/silejapon-m-etaitconte.com\/wp-content\/uploads\/2024\/05\/emmeranne_libert-768x1086.jpg 768w, https:\/\/silejapon-m-etaitconte.com\/wp-content\/uploads\/2024\/05\/emmeranne_libert.jpg 800w\" sizes=\"auto, (max-width: 724px) 100vw, 724px\" \/><figcaption class=\"wp-element-caption\"><strong>1er Prix : Emm\u00e9ranne LIBERT<\/strong><\/figcaption><\/figure>\n\n\n\n<figure class=\"wp-block-image size-large is-resized\"><img loading=\"lazy\" decoding=\"async\" width=\"1024\" height=\"724\" src=\"https:\/\/silejapon-m-etaitconte.com\/wp-content\/uploads\/2024\/05\/doulcina_corre-1024x724.jpg\" alt=\"dessin laur\u00e9at concours manga\" class=\"wp-image-1828\" style=\"aspect-ratio:4\/3;object-fit:contain;height:550px\" srcset=\"https:\/\/silejapon-m-etaitconte.com\/wp-content\/uploads\/2024\/05\/doulcina_corre-1024x724.jpg 1024w, https:\/\/silejapon-m-etaitconte.com\/wp-content\/uploads\/2024\/05\/doulcina_corre-300x212.jpg 300w, https:\/\/silejapon-m-etaitconte.com\/wp-content\/uploads\/2024\/05\/doulcina_corre-768x543.jpg 768w, https:\/\/silejapon-m-etaitconte.com\/wp-content\/uploads\/2024\/05\/doulcina_corre.jpg 1131w\" sizes=\"auto, (max-width: 1024px) 100vw, 1024px\" \/><figcaption class=\"wp-element-caption\"><strong>2\u00e8me Prix : <strong>Doulcina CORR\u00c9<\/strong><\/strong><\/figcaption><\/figure>\n\n\n\n<h2 class=\"wp-block-heading has-black-color has-blush-light-purple-gradient-background has-text-color has-background\">Cat\u00e9gorie 15 &#8211; 18 ans<\/h2>\n\n\n\n<figure class=\"wp-block-image size-large is-resized\"><img loading=\"lazy\" decoding=\"async\" width=\"724\" height=\"1024\" src=\"https:\/\/silejapon-m-etaitconte.com\/wp-content\/uploads\/2024\/05\/eurydice_droues-724x1024.jpg\" alt=\"dessin laur\u00e9at concours manga\" class=\"wp-image-1829\" style=\"width:550px\" srcset=\"https:\/\/silejapon-m-etaitconte.com\/wp-content\/uploads\/2024\/05\/eurydice_droues-724x1024.jpg 724w, https:\/\/silejapon-m-etaitconte.com\/wp-content\/uploads\/2024\/05\/eurydice_droues-212x300.jpg 212w, https:\/\/silejapon-m-etaitconte.com\/wp-content\/uploads\/2024\/05\/eurydice_droues-768x1086.jpg 768w, https:\/\/silejapon-m-etaitconte.com\/wp-content\/uploads\/2024\/05\/eurydice_droues.jpg 800w\" sizes=\"auto, (max-width: 724px) 100vw, 724px\" \/><figcaption class=\"wp-element-caption\"><strong>1er Prix <strong>ex-\u00e6quo<\/strong><\/strong> <strong>: <strong>Eurydice<\/strong> Drou\u00ebs<\/strong><\/figcaption><\/figure>\n\n\n\n<figure class=\"wp-block-image size-large is-resized\"><img loading=\"lazy\" decoding=\"async\" width=\"724\" height=\"1024\" src=\"https:\/\/silejapon-m-etaitconte.com\/wp-content\/uploads\/2024\/05\/lisa_wang_vidal-724x1024.jpg\" alt=\"dessin laur\u00e9at concours manga\" class=\"wp-image-1831\" style=\"width:550px\" srcset=\"https:\/\/silejapon-m-etaitconte.com\/wp-content\/uploads\/2024\/05\/lisa_wang_vidal-724x1024.jpg 724w, https:\/\/silejapon-m-etaitconte.com\/wp-content\/uploads\/2024\/05\/lisa_wang_vidal-212x300.jpg 212w, https:\/\/silejapon-m-etaitconte.com\/wp-content\/uploads\/2024\/05\/lisa_wang_vidal-768x1086.jpg 768w, https:\/\/silejapon-m-etaitconte.com\/wp-content\/uploads\/2024\/05\/lisa_wang_vidal.jpg 800w\" sizes=\"auto, (max-width: 724px) 100vw, 724px\" \/><figcaption class=\"wp-element-caption\"><strong>1er Prix <strong>ex-\u00e6quo<\/strong><\/strong> <strong>: <strong>Lisa Wang-Vidal<\/strong><\/strong><\/figcaption><\/figure>\n\n\n\n<h2 class=\"wp-block-heading has-black-color has-electric-grass-gradient-background has-text-color has-background\">Cat\u00e9gorie 11 &#8211; 14 ans<\/h2>\n\n\n\n<figure class=\"wp-block-image size-large is-resized\"><img loading=\"lazy\" decoding=\"async\" width=\"724\" height=\"1024\" src=\"https:\/\/silejapon-m-etaitconte.com\/wp-content\/uploads\/2024\/05\/audrey_escudero-724x1024.jpg\" alt=\"dessin laur\u00e9at concours manga\" class=\"wp-image-1832\" style=\"width:550px\" srcset=\"https:\/\/silejapon-m-etaitconte.com\/wp-content\/uploads\/2024\/05\/audrey_escudero-724x1024.jpg 724w, https:\/\/silejapon-m-etaitconte.com\/wp-content\/uploads\/2024\/05\/audrey_escudero-212x300.jpg 212w, https:\/\/silejapon-m-etaitconte.com\/wp-content\/uploads\/2024\/05\/audrey_escudero-768x1086.jpg 768w, https:\/\/silejapon-m-etaitconte.com\/wp-content\/uploads\/2024\/05\/audrey_escudero.jpg 800w\" sizes=\"auto, (max-width: 724px) 100vw, 724px\" \/><figcaption class=\"wp-element-caption\"><strong>1er Prix : Audrey Escudero<\/strong><\/figcaption><\/figure>\n\n\n\n<figure class=\"wp-block-image size-large is-resized\"><img loading=\"lazy\" decoding=\"async\" width=\"1024\" height=\"724\" src=\"https:\/\/silejapon-m-etaitconte.com\/wp-content\/uploads\/2024\/05\/guilhem_roque-1024x724.jpg\" alt=\"dessin laur\u00e9at concours manga\" class=\"wp-image-1833\" style=\"aspect-ratio:4\/3;object-fit:contain;height:550px\" srcset=\"https:\/\/silejapon-m-etaitconte.com\/wp-content\/uploads\/2024\/05\/guilhem_roque-1024x724.jpg 1024w, https:\/\/silejapon-m-etaitconte.com\/wp-content\/uploads\/2024\/05\/guilhem_roque-300x212.jpg 300w, https:\/\/silejapon-m-etaitconte.com\/wp-content\/uploads\/2024\/05\/guilhem_roque-768x543.jpg 768w, https:\/\/silejapon-m-etaitconte.com\/wp-content\/uploads\/2024\/05\/guilhem_roque.jpg 1131w\" sizes=\"auto, (max-width: 1024px) 100vw, 1024px\" \/><figcaption class=\"wp-element-caption\"><strong>2\u00e8me Prix : Guilhem Roque<\/strong><\/figcaption><\/figure>\n\n\n\n<h2 class=\"wp-block-heading has-black-color has-pale-ocean-gradient-background has-text-color has-background\">Cat\u00e9gorie moins de 11 ans<\/h2>\n\n\n\n<figure class=\"wp-block-image size-large is-resized\"><img loading=\"lazy\" decoding=\"async\" width=\"724\" height=\"1024\" src=\"https:\/\/silejapon-m-etaitconte.com\/wp-content\/uploads\/2024\/05\/karandoli_anael-724x1024.jpg\" alt=\"dessin laur\u00e9at concours manga\" class=\"wp-image-1835\" style=\"width:550px\" srcset=\"https:\/\/silejapon-m-etaitconte.com\/wp-content\/uploads\/2024\/05\/karandoli_anael-724x1024.jpg 724w, https:\/\/silejapon-m-etaitconte.com\/wp-content\/uploads\/2024\/05\/karandoli_anael-212x300.jpg 212w, https:\/\/silejapon-m-etaitconte.com\/wp-content\/uploads\/2024\/05\/karandoli_anael-768x1086.jpg 768w, https:\/\/silejapon-m-etaitconte.com\/wp-content\/uploads\/2024\/05\/karandoli_anael.jpg 800w\" sizes=\"auto, (max-width: 724px) 100vw, 724px\" \/><figcaption class=\"wp-element-caption\"><strong>1er Prix : Anael Karandoli<\/strong><\/figcaption><\/figure>\n\n\n\n<figure class=\"wp-block-image size-large is-resized\"><img loading=\"lazy\" decoding=\"async\" width=\"724\" height=\"1024\" src=\"https:\/\/silejapon-m-etaitconte.com\/wp-content\/uploads\/2024\/05\/manon_schaft-724x1024.jpg\" alt=\"dessin laur\u00e9at concours manga\" class=\"wp-image-1836\" style=\"width:550px\" srcset=\"https:\/\/silejapon-m-etaitconte.com\/wp-content\/uploads\/2024\/05\/manon_schaft-724x1024.jpg 724w, https:\/\/silejapon-m-etaitconte.com\/wp-content\/uploads\/2024\/05\/manon_schaft-212x300.jpg 212w, https:\/\/silejapon-m-etaitconte.com\/wp-content\/uploads\/2024\/05\/manon_schaft-768x1086.jpg 768w, https:\/\/silejapon-m-etaitconte.com\/wp-content\/uploads\/2024\/05\/manon_schaft.jpg 800w\" sizes=\"auto, (max-width: 724px) 100vw, 724px\" \/><figcaption class=\"wp-element-caption\"><strong>2\u00e8me Prix : Manon Schaft<\/strong><\/figcaption><\/figure>\n\n\n\n<p>Remercions la <strong><a href=\"https:\/\/www.conflentcanigo.fr\/mediatheques\">m\u00e9diath\u00e8que de Prades<\/a><\/strong> pour son soutien logistique dans l&rsquo;organisation de ce concours. Pour les prix, remercions le <a href=\"https:\/\/www.facebook.com\/events\/677943637600092\/\"><strong>Vin\u00e7a Multi Geek<\/strong><\/a> (VMG) qui offre 100\u20ac en bons d&rsquo;achats \u00e0 d\u00e9penser \u00e0 la librairie manga Hybrid, <strong><a href=\"https:\/\/www.facebook.com\/hybridperpignan\/?locale=fr_FR\" target=\"_blank\" rel=\"noreferrer noopener\">la librairie manga de Perpignan Hybrid<\/a><\/strong> qui offre aussi 100\u20ac en bons d\u2019achats dans sa boutique, <strong><a href=\"https:\/\/www.facebook.com\/p\/Atelier-art-29-100070901625922\/\" target=\"_blank\" rel=\"noreferrer noopener\">Atelier Art 29<\/a><\/strong> la boutique d\u2019art orient\u00e9e manga, animations, arts japonais et geek culture \u00e0 Villefranche-de-Conflent, <strong><a href=\"https:\/\/www.facebook.com\/minamiperpignan\/\" target=\"_blank\" rel=\"noreferrer noopener\">Minami<\/a><\/strong> restaurant japonais \u00e0 Perpignan, <strong><a href=\"https:\/\/www.facebook.com\/p\/Cipango-Articles-Japonais-100054277821265\/\" target=\"_blank\" rel=\"noreferrer noopener\">Cipango<\/a><\/strong> boutique d\u2019articles japonais \u00e0 Perpignan et la librairie <strong><a href=\"https:\/\/l.facebook.com\/l.php?u=https%3A%2F%2Flibrairielalibambulle.fr%2F%3Ffbclid%3DIwZXh0bgNhZW0CMTAAAR2PCKft-Zjpd-s9bU_HU3UA0EAjaanz7hmpql9U0DskYIga_LRxRV0aIeA_aem_AemkjStEdBMNbHU92OIKvF-_QICyJW7pgOHjW7ykBRiaLnuXvOAs9dJo_OMlzfL3CY3UwbcyeUFE5aahzlLggVCp&amp;h=AT0t1gHBAVIvXyjhgG5cPdbDC-YAfaUJWRHj8Ef54w8j8UM4UEHb85BgixFdoHTBHT3pYczT_Ljz7_U5o04dZlMx4lAEFLWSl7HzGOqqnT6eXQTX1sgJFgNZl7BMvxuYvBuO4GMHmZcXmWYOfB8\">La Libambulle<\/a><\/strong> de Prades qui offrent tous des lots aussi. Enfin nous m\u00eames l\u2019association <strong>Si le Japon m\u2019\u00e9tait cont\u00e9<\/strong> offrons aussi 100\u20ac en bons d&rsquo;achat et en lots chez les autres partenaires. <\/p>\n\n\n\n<p>La remise des prix aura lieu le samedi 25 mai \u00e0 Vin\u00e7a lors du Vin\u00e7a Multi Geek (VMG), \u00e9v\u00e8nement gratuit qui se d\u00e9roulera toute la journ\u00e9e autour des jeux de r\u00f4les, des jeux de strat\u00e9gie, des jeux m\u00e9di\u00e9vaux et o\u00f9 aura lieu aussi un concours cosplay.  Les dessins seront ensuite expos\u00e9s comme chaque ann\u00e9e \u00e0 la m\u00e9diath\u00e8que de Prades courant juin-juillet. <\/p>\n\n\n\n<p>Pour voir les autres meilleurs dessins, suivez <a href=\"https:\/\/silejapon-m-etaitconte.com\/?page_id=1839\">le lien<\/a>.<\/p>\n","protected":false},"excerpt":{"rendered":"<p>Cette ann\u00e9e 4 cat\u00e9gories sont r\u00e9compens\u00e9es, les moins de 11 ans, les 11-14 ans, les 15-18 ans et les plus de 18 ans. Il y a 2 prix par cat\u00e9gories, un premier prix et un second prix, sauf dans la cat\u00e9gorie 15-18 o\u00f9 il y a 2 vainqueurs ex-\u00e6quo. F\u00e9licitations aux vainqueurs, on n&rsquo;y retrouve quelques participants de l&rsquo;an dernier qui ont rejou\u00e9 le jeu, merci \u00e0 eux. Merci aussi aux autres, ceux qui participent chaque ann\u00e9e et ceux qui participaient pour la premi\u00e8re fois. Si l&rsquo;an dernier avait \u00e9t\u00e9 une ann\u00e9e exceptionnelle en terme de qualit\u00e9 et de quantit\u00e9,<\/p>\n","protected":false},"author":1,"featured_media":0,"parent":0,"menu_order":0,"comment_status":"closed","ping_status":"closed","template":"","meta":{"footnotes":""},"class_list":["post-1823","page","type-page","status-publish","hentry","comments-off"],"yoast_head":"<!-- This site is optimized with the Yoast SEO plugin v21.0 - https:\/\/yoast.com\/wordpress\/plugins\/seo\/ -->\n<title>R\u00e9sultat du concours de dessin manga 2024 - Si le Japon m&#039;\u00e9tait cont\u00e9<\/title>\n<meta name=\"robots\" content=\"index, follow, max-snippet:-1, max-image-preview:large, max-video-preview:-1\" \/>\n<link rel=\"canonical\" href=\"https:\/\/silejapon-m-etaitconte.com\/index.php\/resultat-du-concours-de-dessin-manga-2024\/\" \/>\n<meta property=\"og:locale\" content=\"fr_FR\" \/>\n<meta property=\"og:type\" content=\"article\" \/>\n<meta property=\"og:title\" content=\"Si le Japon m&#039;\u00e9tait cont\u00e9 R\u00e9sultat du concours de dessin manga 2024 %\" \/>\n<meta property=\"og:description\" content=\"Cette ann\u00e9e 4 cat\u00e9gories sont r\u00e9compens\u00e9es, les moins de 11 ans, les 11-14 ans, les 15-18 ans et les plus de 18 ans. Il y a 2 prix par cat\u00e9gories, un premier prix et un second prix, sauf dans la cat\u00e9gorie 15-18 o\u00f9 il y a 2 vainqueurs ex-\u00e6quo. F\u00e9licitations aux vainqueurs, on n&rsquo;y retrouve quelques participants de l&rsquo;an dernier qui ont rejou\u00e9 le jeu, merci \u00e0 eux. Merci aussi aux autres, ceux qui participent chaque ann\u00e9e et ceux qui participaient pour la premi\u00e8re fois. Si l&rsquo;an dernier avait \u00e9t\u00e9 une ann\u00e9e exceptionnelle en terme de qualit\u00e9 et de quantit\u00e9,\" \/>\n<meta property=\"og:url\" content=\"https:\/\/silejapon-m-etaitconte.com\/index.php\/resultat-du-concours-de-dessin-manga-2024\/\" \/>\n<meta property=\"og:site_name\" content=\"Si le Japon m&#039;\u00e9tait cont\u00e9\" \/>\n<meta property=\"article:publisher\" content=\"https:\/\/www.facebook.com\/people\/Si-le-Japon-mtait-cont\/100081623407869\/\" \/>\n<meta property=\"article:modified_time\" content=\"2024-05-20T19:19:04+00:00\" \/>\n<meta property=\"og:image\" content=\"https:\/\/silejapon-m-etaitconte.com\/wp-content\/uploads\/2024\/05\/emmeranne_libert.jpg\" \/>\n\t<meta property=\"og:image:width\" content=\"800\" \/>\n\t<meta property=\"og:image:height\" content=\"1131\" \/>\n\t<meta property=\"og:image:type\" content=\"image\/jpeg\" \/>\n<meta name=\"twitter:card\" content=\"summary_large_image\" \/>\n<meta name=\"twitter:label1\" content=\"Dur\u00e9e de lecture estim\u00e9e\" \/>\n\t<meta name=\"twitter:data1\" content=\"4 minutes\" \/>\n<script type=\"application\/ld+json\" class=\"yoast-schema-graph\">{\"@context\":\"https:\/\/schema.org\",\"@graph\":[{\"@type\":\"WebPage\",\"@id\":\"https:\/\/silejapon-m-etaitconte.com\/index.php\/resultat-du-concours-de-dessin-manga-2024\/\",\"url\":\"https:\/\/silejapon-m-etaitconte.com\/index.php\/resultat-du-concours-de-dessin-manga-2024\/\",\"name\":\"R\u00e9sultat du concours de dessin manga 2024 - Si le Japon m&#039;\u00e9tait cont\u00e9\",\"isPartOf\":{\"@id\":\"https:\/\/silejapon-m-etaitconte.com\/#website\"},\"datePublished\":\"2024-05-20T17:08:58+00:00\",\"dateModified\":\"2024-05-20T19:19:04+00:00\",\"breadcrumb\":{\"@id\":\"https:\/\/silejapon-m-etaitconte.com\/index.php\/resultat-du-concours-de-dessin-manga-2024\/#breadcrumb\"},\"inLanguage\":\"fr-FR\",\"potentialAction\":[{\"@type\":\"ReadAction\",\"target\":[\"https:\/\/silejapon-m-etaitconte.com\/index.php\/resultat-du-concours-de-dessin-manga-2024\/\"]}]},{\"@type\":\"BreadcrumbList\",\"@id\":\"https:\/\/silejapon-m-etaitconte.com\/index.php\/resultat-du-concours-de-dessin-manga-2024\/#breadcrumb\",\"itemListElement\":[{\"@type\":\"ListItem\",\"position\":1,\"name\":\"Accueil\",\"item\":\"https:\/\/silejapon-m-etaitconte.com\/\"},{\"@type\":\"ListItem\",\"position\":2,\"name\":\"R\u00e9sultat du concours de dessin manga 2024\"}]},{\"@type\":\"WebSite\",\"@id\":\"https:\/\/silejapon-m-etaitconte.com\/#website\",\"url\":\"https:\/\/silejapon-m-etaitconte.com\/\",\"name\":\"Si le Japon m'\u00e9tait cont\u00e9\",\"description\":\"Une passerelle entre la France et le Japon\",\"publisher\":{\"@id\":\"https:\/\/silejapon-m-etaitconte.com\/#organization\"},\"potentialAction\":[{\"@type\":\"SearchAction\",\"target\":{\"@type\":\"EntryPoint\",\"urlTemplate\":\"https:\/\/silejapon-m-etaitconte.com\/?s={search_term_string}\"},\"query-input\":\"required name=search_term_string\"}],\"inLanguage\":\"fr-FR\"},{\"@type\":\"Organization\",\"@id\":\"https:\/\/silejapon-m-etaitconte.com\/#organization\",\"name\":\"Si le Japon m'\u00e9tait cont\u00e9\",\"url\":\"https:\/\/silejapon-m-etaitconte.com\/\",\"logo\":{\"@type\":\"ImageObject\",\"inLanguage\":\"fr-FR\",\"@id\":\"https:\/\/silejapon-m-etaitconte.com\/#\/schema\/logo\/image\/\",\"url\":\"https:\/\/silejapon-m-etaitconte.com\/wp-content\/uploads\/2022\/02\/logo_long.jpg\",\"contentUrl\":\"https:\/\/silejapon-m-etaitconte.com\/wp-content\/uploads\/2022\/02\/logo_long.jpg\",\"width\":2444,\"height\":390,\"caption\":\"Si le Japon m'\u00e9tait cont\u00e9\"},\"image\":{\"@id\":\"https:\/\/silejapon-m-etaitconte.com\/#\/schema\/logo\/image\/\"},\"sameAs\":[\"https:\/\/www.facebook.com\/people\/Si-le-Japon-mtait-cont\/100081623407869\/\"]}]}<\/script>\n<!-- \/ Yoast SEO plugin. -->","yoast_head_json":{"title":"R\u00e9sultat du concours de dessin manga 2024 - Si le Japon m&#039;\u00e9tait cont\u00e9","robots":{"index":"index","follow":"follow","max-snippet":"max-snippet:-1","max-image-preview":"max-image-preview:large","max-video-preview":"max-video-preview:-1"},"canonical":"https:\/\/silejapon-m-etaitconte.com\/index.php\/resultat-du-concours-de-dessin-manga-2024\/","og_locale":"fr_FR","og_type":"article","og_title":"Si le Japon m&#039;\u00e9tait cont\u00e9 R\u00e9sultat du concours de dessin manga 2024 %","og_description":"Cette ann\u00e9e 4 cat\u00e9gories sont r\u00e9compens\u00e9es, les moins de 11 ans, les 11-14 ans, les 15-18 ans et les plus de 18 ans. Il y a 2 prix par cat\u00e9gories, un premier prix et un second prix, sauf dans la cat\u00e9gorie 15-18 o\u00f9 il y a 2 vainqueurs ex-\u00e6quo. F\u00e9licitations aux vainqueurs, on n&rsquo;y retrouve quelques participants de l&rsquo;an dernier qui ont rejou\u00e9 le jeu, merci \u00e0 eux. Merci aussi aux autres, ceux qui participent chaque ann\u00e9e et ceux qui participaient pour la premi\u00e8re fois. Si l&rsquo;an dernier avait \u00e9t\u00e9 une ann\u00e9e exceptionnelle en terme de qualit\u00e9 et de quantit\u00e9,","og_url":"https:\/\/silejapon-m-etaitconte.com\/index.php\/resultat-du-concours-de-dessin-manga-2024\/","og_site_name":"Si le Japon m&#039;\u00e9tait cont\u00e9","article_publisher":"https:\/\/www.facebook.com\/people\/Si-le-Japon-mtait-cont\/100081623407869\/","article_modified_time":"2024-05-20T19:19:04+00:00","og_image":[{"width":800,"height":1131,"url":"https:\/\/silejapon-m-etaitconte.com\/wp-content\/uploads\/2024\/05\/emmeranne_libert.jpg","type":"image\/jpeg"}],"twitter_card":"summary_large_image","twitter_misc":{"Dur\u00e9e de lecture estim\u00e9e":"4 minutes"},"schema":{"@context":"https:\/\/schema.org","@graph":[{"@type":"WebPage","@id":"https:\/\/silejapon-m-etaitconte.com\/index.php\/resultat-du-concours-de-dessin-manga-2024\/","url":"https:\/\/silejapon-m-etaitconte.com\/index.php\/resultat-du-concours-de-dessin-manga-2024\/","name":"R\u00e9sultat du concours de dessin manga 2024 - Si le Japon m&#039;\u00e9tait cont\u00e9","isPartOf":{"@id":"https:\/\/silejapon-m-etaitconte.com\/#website"},"datePublished":"2024-05-20T17:08:58+00:00","dateModified":"2024-05-20T19:19:04+00:00","breadcrumb":{"@id":"https:\/\/silejapon-m-etaitconte.com\/index.php\/resultat-du-concours-de-dessin-manga-2024\/#breadcrumb"},"inLanguage":"fr-FR","potentialAction":[{"@type":"ReadAction","target":["https:\/\/silejapon-m-etaitconte.com\/index.php\/resultat-du-concours-de-dessin-manga-2024\/"]}]},{"@type":"BreadcrumbList","@id":"https:\/\/silejapon-m-etaitconte.com\/index.php\/resultat-du-concours-de-dessin-manga-2024\/#breadcrumb","itemListElement":[{"@type":"ListItem","position":1,"name":"Accueil","item":"https:\/\/silejapon-m-etaitconte.com\/"},{"@type":"ListItem","position":2,"name":"R\u00e9sultat du concours de dessin manga 2024"}]},{"@type":"WebSite","@id":"https:\/\/silejapon-m-etaitconte.com\/#website","url":"https:\/\/silejapon-m-etaitconte.com\/","name":"Si le Japon m'\u00e9tait cont\u00e9","description":"Une passerelle entre la France et le Japon","publisher":{"@id":"https:\/\/silejapon-m-etaitconte.com\/#organization"},"potentialAction":[{"@type":"SearchAction","target":{"@type":"EntryPoint","urlTemplate":"https:\/\/silejapon-m-etaitconte.com\/?s={search_term_string}"},"query-input":"required name=search_term_string"}],"inLanguage":"fr-FR"},{"@type":"Organization","@id":"https:\/\/silejapon-m-etaitconte.com\/#organization","name":"Si le Japon m'\u00e9tait cont\u00e9","url":"https:\/\/silejapon-m-etaitconte.com\/","logo":{"@type":"ImageObject","inLanguage":"fr-FR","@id":"https:\/\/silejapon-m-etaitconte.com\/#\/schema\/logo\/image\/","url":"https:\/\/silejapon-m-etaitconte.com\/wp-content\/uploads\/2022\/02\/logo_long.jpg","contentUrl":"https:\/\/silejapon-m-etaitconte.com\/wp-content\/uploads\/2022\/02\/logo_long.jpg","width":2444,"height":390,"caption":"Si le Japon m'\u00e9tait cont\u00e9"},"image":{"@id":"https:\/\/silejapon-m-etaitconte.com\/#\/schema\/logo\/image\/"},"sameAs":["https:\/\/www.facebook.com\/people\/Si-le-Japon-mtait-cont\/100081623407869\/"]}]}},"_links":{"self":[{"href":"https:\/\/silejapon-m-etaitconte.com\/index.php\/wp-json\/wp\/v2\/pages\/1823","targetHints":{"allow":["GET"]}}],"collection":[{"href":"https:\/\/silejapon-m-etaitconte.com\/index.php\/wp-json\/wp\/v2\/pages"}],"about":[{"href":"https:\/\/silejapon-m-etaitconte.com\/index.php\/wp-json\/wp\/v2\/types\/page"}],"author":[{"embeddable":true,"href":"https:\/\/silejapon-m-etaitconte.com\/index.php\/wp-json\/wp\/v2\/users\/1"}],"replies":[{"embeddable":true,"href":"https:\/\/silejapon-m-etaitconte.com\/index.php\/wp-json\/wp\/v2\/comments?post=1823"}],"version-history":[{"count":25,"href":"https:\/\/silejapon-m-etaitconte.com\/index.php\/wp-json\/wp\/v2\/pages\/1823\/revisions"}],"predecessor-version":[{"id":1904,"href":"https:\/\/silejapon-m-etaitconte.com\/index.php\/wp-json\/wp\/v2\/pages\/1823\/revisions\/1904"}],"wp:attachment":[{"href":"https:\/\/silejapon-m-etaitconte.com\/index.php\/wp-json\/wp\/v2\/media?parent=1823"}],"curies":[{"name":"wp","href":"https:\/\/api.w.org\/{rel}","templated":true}]}}