{"id":1043,"date":"2022-06-09T00:12:08","date_gmt":"2022-06-08T22:12:08","guid":{"rendered":"https:\/\/silejapon-m-etaitconte.com\/?page_id=1043"},"modified":"2022-06-09T00:23:45","modified_gmt":"2022-06-08T22:23:45","slug":"resultat-du-concours-de-dessin-manga-2022","status":"publish","type":"page","link":"https:\/\/silejapon-m-etaitconte.com\/index.php\/resultat-du-concours-de-dessin-manga-2022\/","title":{"rendered":"R\u00e9sultat du concours de dessin manga 2022"},"content":{"rendered":"\n<p>Nous sommes heureux de vous annoncer le r\u00e9sultat de notre <strong>concours de dessin manga cr\u00e9ation originale<\/strong>. Merci \u00e0 tous les participants qui nous ont envoy\u00e9 leurs dessins ! <br>On a eu moins de dessins que l&rsquo;an dernier mais le r\u00e9sultat est quand m\u00eame tr\u00e8s sympathique. Il y a tant d&rsquo;univers cr\u00e9\u00e9s que de participants et nous avons \u00e9t\u00e9 transport\u00e9s \u00e0 imaginer la suite de ces histoires. <br>Nous vous invitons \u00e0 venir les voir lors de leur exposition \u00e0 la m\u00e9diath\u00e8que de Prades \u00e0 partir du 18 juin. La touche, le trait, la texture sont parfois difficiles \u00e0 appr\u00e9hender avec les images scann\u00e9es.<\/p>\n\n\n\n<p class=\"has-background\" style=\"background-color:#f796e9\"><strong><strong>Cat\u00e9gorie 14 ans et plus<\/strong><\/strong>  \u00a0\u00bb couverture de ton manga original\u00a0\u00bb<\/p>\n\n\n\n<figure class=\"wp-block-image size-large is-resized\"><img loading=\"lazy\" decoding=\"async\" src=\"https:\/\/silejapon-m-etaitconte.com\/wp-content\/uploads\/2022\/06\/1er-prix-14-ans-et-plus-728x1024.jpg\" alt=\"\" class=\"wp-image-1052\" width=\"546\" height=\"768\" srcset=\"https:\/\/silejapon-m-etaitconte.com\/wp-content\/uploads\/2022\/06\/1er-prix-14-ans-et-plus-728x1024.jpg 728w, https:\/\/silejapon-m-etaitconte.com\/wp-content\/uploads\/2022\/06\/1er-prix-14-ans-et-plus-213x300.jpg 213w, https:\/\/silejapon-m-etaitconte.com\/wp-content\/uploads\/2022\/06\/1er-prix-14-ans-et-plus-768x1080.jpg 768w, https:\/\/silejapon-m-etaitconte.com\/wp-content\/uploads\/2022\/06\/1er-prix-14-ans-et-plus-1092x1536.jpg 1092w, https:\/\/silejapon-m-etaitconte.com\/wp-content\/uploads\/2022\/06\/1er-prix-14-ans-et-plus.jpg 1192w\" sizes=\"auto, (max-width: 546px) 100vw, 546px\" \/><figcaption>1er prix : Nami REGIS (16 ans)<\/figcaption><\/figure>\n\n\n\n<figure class=\"wp-block-image size-large is-resized\"><img loading=\"lazy\" decoding=\"async\" src=\"https:\/\/silejapon-m-etaitconte.com\/wp-content\/uploads\/2022\/06\/2eme-prix-14-ans-et-plus-1-741x1024.jpg\" alt=\"\" class=\"wp-image-1060\" width=\"556\" height=\"768\" srcset=\"https:\/\/silejapon-m-etaitconte.com\/wp-content\/uploads\/2022\/06\/2eme-prix-14-ans-et-plus-1-741x1024.jpg 741w, https:\/\/silejapon-m-etaitconte.com\/wp-content\/uploads\/2022\/06\/2eme-prix-14-ans-et-plus-1-217x300.jpg 217w, https:\/\/silejapon-m-etaitconte.com\/wp-content\/uploads\/2022\/06\/2eme-prix-14-ans-et-plus-1-768x1061.jpg 768w, https:\/\/silejapon-m-etaitconte.com\/wp-content\/uploads\/2022\/06\/2eme-prix-14-ans-et-plus-1-1112x1536.jpg 1112w, https:\/\/silejapon-m-etaitconte.com\/wp-content\/uploads\/2022\/06\/2eme-prix-14-ans-et-plus-1.jpg 1203w\" sizes=\"auto, (max-width: 556px) 100vw, 556px\" \/><figcaption>2\u00e8me prix : Maxence CAUET (17 ans)<\/figcaption><\/figure>\n\n\n\n<figure class=\"wp-block-image size-large is-resized\"><img loading=\"lazy\" decoding=\"async\" src=\"https:\/\/silejapon-m-etaitconte.com\/wp-content\/uploads\/2022\/06\/3eme-prix-14-et-plus-734x1024.jpg\" alt=\"\" class=\"wp-image-1054\" width=\"551\" height=\"768\" srcset=\"https:\/\/silejapon-m-etaitconte.com\/wp-content\/uploads\/2022\/06\/3eme-prix-14-et-plus-734x1024.jpg 734w, https:\/\/silejapon-m-etaitconte.com\/wp-content\/uploads\/2022\/06\/3eme-prix-14-et-plus-215x300.jpg 215w, https:\/\/silejapon-m-etaitconte.com\/wp-content\/uploads\/2022\/06\/3eme-prix-14-et-plus-768x1071.jpg 768w, https:\/\/silejapon-m-etaitconte.com\/wp-content\/uploads\/2022\/06\/3eme-prix-14-et-plus-1101x1536.jpg 1101w, https:\/\/silejapon-m-etaitconte.com\/wp-content\/uploads\/2022\/06\/3eme-prix-14-et-plus.jpg 1197w\" sizes=\"auto, (max-width: 551px) 100vw, 551px\" \/><figcaption>3\u00e8me prix : H\u00e9lo\u00efse LE FOUILLER (14 ans)<\/figcaption><\/figure>\n\n\n\n<figure class=\"wp-block-image size-large is-resized\"><img loading=\"lazy\" decoding=\"async\" src=\"https:\/\/silejapon-m-etaitconte.com\/wp-content\/uploads\/2022\/06\/prix-du-jury-14-ans-et-plus-745x1024.jpg\" alt=\"\" class=\"wp-image-1055\" width=\"559\" height=\"768\" srcset=\"https:\/\/silejapon-m-etaitconte.com\/wp-content\/uploads\/2022\/06\/prix-du-jury-14-ans-et-plus-745x1024.jpg 745w, https:\/\/silejapon-m-etaitconte.com\/wp-content\/uploads\/2022\/06\/prix-du-jury-14-ans-et-plus-218x300.jpg 218w, https:\/\/silejapon-m-etaitconte.com\/wp-content\/uploads\/2022\/06\/prix-du-jury-14-ans-et-plus-768x1055.jpg 768w, https:\/\/silejapon-m-etaitconte.com\/wp-content\/uploads\/2022\/06\/prix-du-jury-14-ans-et-plus-1118x1536.jpg 1118w, https:\/\/silejapon-m-etaitconte.com\/wp-content\/uploads\/2022\/06\/prix-du-jury-14-ans-et-plus.jpg 1206w\" sizes=\"auto, (max-width: 559px) 100vw, 559px\" \/><figcaption>Prix du jury : Anna\u00eblle BEY (15 ans)<\/figcaption><\/figure>\n\n\n\n<p class=\"has-background\" style=\"background-color:#2fe6e6\"><strong>Cat\u00e9gorie 7- 13 ans<\/strong><\/p>\n\n\n\n<figure class=\"wp-block-image size-large is-resized\"><img loading=\"lazy\" decoding=\"async\" src=\"https:\/\/silejapon-m-etaitconte.com\/wp-content\/uploads\/2022\/06\/1er-prix-7-13-ans-1024x727.jpg\" alt=\"\" class=\"wp-image-1047\" width=\"768\" height=\"545\" srcset=\"https:\/\/silejapon-m-etaitconte.com\/wp-content\/uploads\/2022\/06\/1er-prix-7-13-ans-1024x727.jpg 1024w, https:\/\/silejapon-m-etaitconte.com\/wp-content\/uploads\/2022\/06\/1er-prix-7-13-ans-300x213.jpg 300w, https:\/\/silejapon-m-etaitconte.com\/wp-content\/uploads\/2022\/06\/1er-prix-7-13-ans-768x545.jpg 768w, https:\/\/silejapon-m-etaitconte.com\/wp-content\/uploads\/2022\/06\/1er-prix-7-13-ans-1536x1090.jpg 1536w, https:\/\/silejapon-m-etaitconte.com\/wp-content\/uploads\/2022\/06\/1er-prix-7-13-ans.jpg 1678w\" sizes=\"auto, (max-width: 768px) 100vw, 768px\" \/><figcaption>1er prix : Robin BOXERO (11 ans)<\/figcaption><\/figure>\n\n\n\n<figure class=\"wp-block-image size-large is-resized\"><img loading=\"lazy\" decoding=\"async\" src=\"https:\/\/silejapon-m-etaitconte.com\/wp-content\/uploads\/2022\/06\/2eme-prix-7-13-ans-1-1-724x1024.jpg\" alt=\"\" class=\"wp-image-1061\" width=\"543\" height=\"768\" srcset=\"https:\/\/silejapon-m-etaitconte.com\/wp-content\/uploads\/2022\/06\/2eme-prix-7-13-ans-1-1-724x1024.jpg 724w, https:\/\/silejapon-m-etaitconte.com\/wp-content\/uploads\/2022\/06\/2eme-prix-7-13-ans-1-1-212x300.jpg 212w, https:\/\/silejapon-m-etaitconte.com\/wp-content\/uploads\/2022\/06\/2eme-prix-7-13-ans-1-1-768x1086.jpg 768w, https:\/\/silejapon-m-etaitconte.com\/wp-content\/uploads\/2022\/06\/2eme-prix-7-13-ans-1-1-1086x1536.jpg 1086w, https:\/\/silejapon-m-etaitconte.com\/wp-content\/uploads\/2022\/06\/2eme-prix-7-13-ans-1-1.jpg 1189w\" sizes=\"auto, (max-width: 543px) 100vw, 543px\" \/><figcaption>2\u00e8me prix ex \u00e6quo : Akan\u00e9 FABRE (12 ans)<\/figcaption><\/figure>\n\n\n\n<figure class=\"wp-block-image size-large is-resized\"><img loading=\"lazy\" decoding=\"async\" src=\"https:\/\/silejapon-m-etaitconte.com\/wp-content\/uploads\/2022\/06\/2eme-prix-7-13-ans-2-1024x749.jpg\" alt=\"\" class=\"wp-image-1048\" width=\"768\" height=\"562\" srcset=\"https:\/\/silejapon-m-etaitconte.com\/wp-content\/uploads\/2022\/06\/2eme-prix-7-13-ans-2-1024x749.jpg 1024w, https:\/\/silejapon-m-etaitconte.com\/wp-content\/uploads\/2022\/06\/2eme-prix-7-13-ans-2-300x219.jpg 300w, https:\/\/silejapon-m-etaitconte.com\/wp-content\/uploads\/2022\/06\/2eme-prix-7-13-ans-2-768x562.jpg 768w, https:\/\/silejapon-m-etaitconte.com\/wp-content\/uploads\/2022\/06\/2eme-prix-7-13-ans-2-1536x1123.jpg 1536w, https:\/\/silejapon-m-etaitconte.com\/wp-content\/uploads\/2022\/06\/2eme-prix-7-13-ans-2.jpg 1653w\" sizes=\"auto, (max-width: 768px) 100vw, 768px\" \/><figcaption>2\u00e8me prix ex \u00e6quo : Noa GIRBAL (13 ans)<\/figcaption><\/figure>\n\n\n\n<figure class=\"wp-block-image size-large is-resized\"><img loading=\"lazy\" decoding=\"async\" src=\"https:\/\/silejapon-m-etaitconte.com\/wp-content\/uploads\/2022\/06\/3eme-prix-7-13-ans--1024x745.jpg\" alt=\"\" class=\"wp-image-1050\" width=\"768\" height=\"559\" srcset=\"https:\/\/silejapon-m-etaitconte.com\/wp-content\/uploads\/2022\/06\/3eme-prix-7-13-ans--1024x745.jpg 1024w, https:\/\/silejapon-m-etaitconte.com\/wp-content\/uploads\/2022\/06\/3eme-prix-7-13-ans--300x218.jpg 300w, https:\/\/silejapon-m-etaitconte.com\/wp-content\/uploads\/2022\/06\/3eme-prix-7-13-ans--768x559.jpg 768w, https:\/\/silejapon-m-etaitconte.com\/wp-content\/uploads\/2022\/06\/3eme-prix-7-13-ans--1536x1118.jpg 1536w, https:\/\/silejapon-m-etaitconte.com\/wp-content\/uploads\/2022\/06\/3eme-prix-7-13-ans-.jpg 1657w\" sizes=\"auto, (max-width: 768px) 100vw, 768px\" \/><figcaption>Prix sp\u00e9cial : Jade ROELENS (12 ans)<\/figcaption><\/figure>\n\n\n\n<p>Le jury \u00e9tait compos\u00e9 de l&rsquo;association Si le Japon m&rsquo;\u00e9tait cont\u00e9, de la librairie La Libambulle et de la m\u00e9diath\u00e8que de Prades. <\/p>\n\n\n\n<p>R\u00e9partition des prix <br>200\u20ac r\u00e9partis \u00e0 8 dessins <strong>en bons d&rsquo;achat<\/strong> \u00e0 la librairie La Libambulle \u00e0 Prades offert par la m\u00e9diath\u00e8que de Prades.<br>6 T-shirts imprim\u00e9s avec les dessins vainqueurs \u00e0 l&rsquo;Atelier art 29 \u00e0 Villefranche de Conflent offerts par l&rsquo;association Si le Japon m&rsquo;\u00e9tait cont\u00e9 et la m\u00e9diath\u00e8que de Prades.<br>Un coffret collector du manga Frieren, les 3 premiers tomes de Naruto et deux coffrets de badges de My hero academia et de Jujutsu kaisen offerts par la librairie La Libambulle.<br><\/p>\n\n\n\n<p>Cat\u00e9gorie 7-13 ans :<br>1er prix :  40\u20ac de bon d&rsquo;achat + les 3 premiers tomes de Naruto + un T-shirt imprim\u00e9 avec votre dessin<br>2\u00e8mes prix (2 dessins ex-\u00e6quo) : 20\u20ac de bon d&rsquo;achat + un T-shirt imprim\u00e9 avec votre dessin<br>Prix sp\u00e9cial : 20\u20ac de bon d&rsquo;achat + un coffret de badges My Hero Academia et Jujutsu kaisen<br><\/p>\n\n\n\n<p>Cat\u00e9gorie 14 ans et plus<br>1er prix : 40\u20ac de bon d&rsquo;achat + un coffret collector du manga Frieren + un T-shirt imprim\u00e9 avec votre dessin<br>2\u00e8me prix : 20\u20ac de bon d&rsquo;achat + un T-shirt imprim\u00e9 avec votre dessin<br>3\u00e8me prix : 20\u20ac de bon d&rsquo;achat + un T-shirt imprim\u00e9 avec votre dessin<br>Prix du jury : 20\u20ac de bon d&rsquo;achat + un coffret de badges My Hero Academia et Jujutsu kaisen<br><\/p>\n\n\n\n<p>La remise des prix se fera \u00e0 la m\u00e9diath\u00e8que de Prades le samedi 18 juin 2022 \u00e0 10h.<\/p>\n\n\n\n<p><\/p>\n","protected":false},"excerpt":{"rendered":"<p>Nous sommes heureux de vous annoncer le r\u00e9sultat de notre concours de dessin manga cr\u00e9ation originale. Merci \u00e0 tous les participants qui nous ont envoy\u00e9 leurs dessins ! On a eu moins de dessins que l&rsquo;an dernier mais le r\u00e9sultat est quand m\u00eame tr\u00e8s sympathique. Il y a tant d&rsquo;univers cr\u00e9\u00e9s que de participants et nous avons \u00e9t\u00e9 transport\u00e9s \u00e0 imaginer la suite de ces histoires. Nous vous invitons \u00e0 venir les voir lors de leur exposition \u00e0 la m\u00e9diath\u00e8que de Prades \u00e0 partir du 18 juin. La touche, le trait, la texture sont parfois difficiles \u00e0 appr\u00e9hender avec les<\/p>\n","protected":false},"author":1,"featured_media":0,"parent":0,"menu_order":0,"comment_status":"closed","ping_status":"closed","template":"","meta":{"footnotes":""},"class_list":["post-1043","page","type-page","status-publish","hentry","comments-off"],"yoast_head":"<!-- This site is optimized with the Yoast SEO plugin v21.0 - https:\/\/yoast.com\/wordpress\/plugins\/seo\/ -->\n<title>R\u00e9sultat du concours de dessin manga 2022 - Si le Japon m&#039;\u00e9tait cont\u00e9<\/title>\n<meta name=\"robots\" content=\"index, follow, max-snippet:-1, max-image-preview:large, max-video-preview:-1\" \/>\n<link rel=\"canonical\" href=\"https:\/\/silejapon-m-etaitconte.com\/index.php\/resultat-du-concours-de-dessin-manga-2022\/\" \/>\n<meta property=\"og:locale\" content=\"fr_FR\" \/>\n<meta property=\"og:type\" content=\"article\" \/>\n<meta property=\"og:title\" content=\"R\u00e9sultat du concours de dessin manga 2022 - Si le Japon m&#039;\u00e9tait cont\u00e9\" \/>\n<meta property=\"og:description\" content=\"Nous sommes heureux de vous annoncer le r\u00e9sultat de notre concours de dessin manga cr\u00e9ation originale. Merci \u00e0 tous les participants qui nous ont envoy\u00e9 leurs dessins ! On a eu moins de dessins que l&rsquo;an dernier mais le r\u00e9sultat est quand m\u00eame tr\u00e8s sympathique. Il y a tant d&rsquo;univers cr\u00e9\u00e9s que de participants et nous avons \u00e9t\u00e9 transport\u00e9s \u00e0 imaginer la suite de ces histoires. Nous vous invitons \u00e0 venir les voir lors de leur exposition \u00e0 la m\u00e9diath\u00e8que de Prades \u00e0 partir du 18 juin. La touche, le trait, la texture sont parfois difficiles \u00e0 appr\u00e9hender avec les\" \/>\n<meta property=\"og:url\" content=\"https:\/\/silejapon-m-etaitconte.com\/index.php\/resultat-du-concours-de-dessin-manga-2022\/\" \/>\n<meta property=\"og:site_name\" content=\"Si le Japon m&#039;\u00e9tait cont\u00e9\" \/>\n<meta property=\"article:publisher\" content=\"https:\/\/www.facebook.com\/people\/Si-le-Japon-mtait-cont\/100081623407869\/\" \/>\n<meta property=\"article:modified_time\" content=\"2022-06-08T22:23:45+00:00\" \/>\n<meta property=\"og:image\" content=\"https:\/\/silejapon-m-etaitconte.com\/wp-content\/uploads\/2022\/06\/1er-prix-14-ans-et-plus-728x1024.jpg\" \/>\n<meta name=\"twitter:card\" content=\"summary_large_image\" \/>\n<meta name=\"twitter:label1\" content=\"Dur\u00e9e de lecture estim\u00e9e\" \/>\n\t<meta name=\"twitter:data1\" content=\"2 minutes\" \/>\n<script type=\"application\/ld+json\" class=\"yoast-schema-graph\">{\"@context\":\"https:\/\/schema.org\",\"@graph\":[{\"@type\":\"WebPage\",\"@id\":\"https:\/\/silejapon-m-etaitconte.com\/index.php\/resultat-du-concours-de-dessin-manga-2022\/\",\"url\":\"https:\/\/silejapon-m-etaitconte.com\/index.php\/resultat-du-concours-de-dessin-manga-2022\/\",\"name\":\"R\u00e9sultat du concours de dessin manga 2022 - Si le Japon m&#039;\u00e9tait cont\u00e9\",\"isPartOf\":{\"@id\":\"https:\/\/silejapon-m-etaitconte.com\/#website\"},\"datePublished\":\"2022-06-08T22:12:08+00:00\",\"dateModified\":\"2022-06-08T22:23:45+00:00\",\"breadcrumb\":{\"@id\":\"https:\/\/silejapon-m-etaitconte.com\/index.php\/resultat-du-concours-de-dessin-manga-2022\/#breadcrumb\"},\"inLanguage\":\"fr-FR\",\"potentialAction\":[{\"@type\":\"ReadAction\",\"target\":[\"https:\/\/silejapon-m-etaitconte.com\/index.php\/resultat-du-concours-de-dessin-manga-2022\/\"]}]},{\"@type\":\"BreadcrumbList\",\"@id\":\"https:\/\/silejapon-m-etaitconte.com\/index.php\/resultat-du-concours-de-dessin-manga-2022\/#breadcrumb\",\"itemListElement\":[{\"@type\":\"ListItem\",\"position\":1,\"name\":\"Accueil\",\"item\":\"https:\/\/silejapon-m-etaitconte.com\/\"},{\"@type\":\"ListItem\",\"position\":2,\"name\":\"R\u00e9sultat du concours de dessin manga 2022\"}]},{\"@type\":\"WebSite\",\"@id\":\"https:\/\/silejapon-m-etaitconte.com\/#website\",\"url\":\"https:\/\/silejapon-m-etaitconte.com\/\",\"name\":\"Si le Japon m'\u00e9tait cont\u00e9\",\"description\":\"Une passerelle entre la France et le Japon\",\"publisher\":{\"@id\":\"https:\/\/silejapon-m-etaitconte.com\/#organization\"},\"potentialAction\":[{\"@type\":\"SearchAction\",\"target\":{\"@type\":\"EntryPoint\",\"urlTemplate\":\"https:\/\/silejapon-m-etaitconte.com\/?s={search_term_string}\"},\"query-input\":\"required name=search_term_string\"}],\"inLanguage\":\"fr-FR\"},{\"@type\":\"Organization\",\"@id\":\"https:\/\/silejapon-m-etaitconte.com\/#organization\",\"name\":\"Si le Japon m'\u00e9tait cont\u00e9\",\"url\":\"https:\/\/silejapon-m-etaitconte.com\/\",\"logo\":{\"@type\":\"ImageObject\",\"inLanguage\":\"fr-FR\",\"@id\":\"https:\/\/silejapon-m-etaitconte.com\/#\/schema\/logo\/image\/\",\"url\":\"https:\/\/silejapon-m-etaitconte.com\/wp-content\/uploads\/2022\/02\/logo_long.jpg\",\"contentUrl\":\"https:\/\/silejapon-m-etaitconte.com\/wp-content\/uploads\/2022\/02\/logo_long.jpg\",\"width\":2444,\"height\":390,\"caption\":\"Si le Japon m'\u00e9tait cont\u00e9\"},\"image\":{\"@id\":\"https:\/\/silejapon-m-etaitconte.com\/#\/schema\/logo\/image\/\"},\"sameAs\":[\"https:\/\/www.facebook.com\/people\/Si-le-Japon-mtait-cont\/100081623407869\/\"]}]}<\/script>\n<!-- \/ Yoast SEO plugin. -->","yoast_head_json":{"title":"R\u00e9sultat du concours de dessin manga 2022 - Si le Japon m&#039;\u00e9tait cont\u00e9","robots":{"index":"index","follow":"follow","max-snippet":"max-snippet:-1","max-image-preview":"max-image-preview:large","max-video-preview":"max-video-preview:-1"},"canonical":"https:\/\/silejapon-m-etaitconte.com\/index.php\/resultat-du-concours-de-dessin-manga-2022\/","og_locale":"fr_FR","og_type":"article","og_title":"R\u00e9sultat du concours de dessin manga 2022 - Si le Japon m&#039;\u00e9tait cont\u00e9","og_description":"Nous sommes heureux de vous annoncer le r\u00e9sultat de notre concours de dessin manga cr\u00e9ation originale. Merci \u00e0 tous les participants qui nous ont envoy\u00e9 leurs dessins ! On a eu moins de dessins que l&rsquo;an dernier mais le r\u00e9sultat est quand m\u00eame tr\u00e8s sympathique. Il y a tant d&rsquo;univers cr\u00e9\u00e9s que de participants et nous avons \u00e9t\u00e9 transport\u00e9s \u00e0 imaginer la suite de ces histoires. Nous vous invitons \u00e0 venir les voir lors de leur exposition \u00e0 la m\u00e9diath\u00e8que de Prades \u00e0 partir du 18 juin. La touche, le trait, la texture sont parfois difficiles \u00e0 appr\u00e9hender avec les","og_url":"https:\/\/silejapon-m-etaitconte.com\/index.php\/resultat-du-concours-de-dessin-manga-2022\/","og_site_name":"Si le Japon m&#039;\u00e9tait cont\u00e9","article_publisher":"https:\/\/www.facebook.com\/people\/Si-le-Japon-mtait-cont\/100081623407869\/","article_modified_time":"2022-06-08T22:23:45+00:00","og_image":[{"url":"https:\/\/silejapon-m-etaitconte.com\/wp-content\/uploads\/2022\/06\/1er-prix-14-ans-et-plus-728x1024.jpg"}],"twitter_card":"summary_large_image","twitter_misc":{"Dur\u00e9e de lecture estim\u00e9e":"2 minutes"},"schema":{"@context":"https:\/\/schema.org","@graph":[{"@type":"WebPage","@id":"https:\/\/silejapon-m-etaitconte.com\/index.php\/resultat-du-concours-de-dessin-manga-2022\/","url":"https:\/\/silejapon-m-etaitconte.com\/index.php\/resultat-du-concours-de-dessin-manga-2022\/","name":"R\u00e9sultat du concours de dessin manga 2022 - Si le Japon m&#039;\u00e9tait cont\u00e9","isPartOf":{"@id":"https:\/\/silejapon-m-etaitconte.com\/#website"},"datePublished":"2022-06-08T22:12:08+00:00","dateModified":"2022-06-08T22:23:45+00:00","breadcrumb":{"@id":"https:\/\/silejapon-m-etaitconte.com\/index.php\/resultat-du-concours-de-dessin-manga-2022\/#breadcrumb"},"inLanguage":"fr-FR","potentialAction":[{"@type":"ReadAction","target":["https:\/\/silejapon-m-etaitconte.com\/index.php\/resultat-du-concours-de-dessin-manga-2022\/"]}]},{"@type":"BreadcrumbList","@id":"https:\/\/silejapon-m-etaitconte.com\/index.php\/resultat-du-concours-de-dessin-manga-2022\/#breadcrumb","itemListElement":[{"@type":"ListItem","position":1,"name":"Accueil","item":"https:\/\/silejapon-m-etaitconte.com\/"},{"@type":"ListItem","position":2,"name":"R\u00e9sultat du concours de dessin manga 2022"}]},{"@type":"WebSite","@id":"https:\/\/silejapon-m-etaitconte.com\/#website","url":"https:\/\/silejapon-m-etaitconte.com\/","name":"Si le Japon m'\u00e9tait cont\u00e9","description":"Une passerelle entre la France et le Japon","publisher":{"@id":"https:\/\/silejapon-m-etaitconte.com\/#organization"},"potentialAction":[{"@type":"SearchAction","target":{"@type":"EntryPoint","urlTemplate":"https:\/\/silejapon-m-etaitconte.com\/?s={search_term_string}"},"query-input":"required name=search_term_string"}],"inLanguage":"fr-FR"},{"@type":"Organization","@id":"https:\/\/silejapon-m-etaitconte.com\/#organization","name":"Si le Japon m'\u00e9tait cont\u00e9","url":"https:\/\/silejapon-m-etaitconte.com\/","logo":{"@type":"ImageObject","inLanguage":"fr-FR","@id":"https:\/\/silejapon-m-etaitconte.com\/#\/schema\/logo\/image\/","url":"https:\/\/silejapon-m-etaitconte.com\/wp-content\/uploads\/2022\/02\/logo_long.jpg","contentUrl":"https:\/\/silejapon-m-etaitconte.com\/wp-content\/uploads\/2022\/02\/logo_long.jpg","width":2444,"height":390,"caption":"Si le Japon m'\u00e9tait cont\u00e9"},"image":{"@id":"https:\/\/silejapon-m-etaitconte.com\/#\/schema\/logo\/image\/"},"sameAs":["https:\/\/www.facebook.com\/people\/Si-le-Japon-mtait-cont\/100081623407869\/"]}]}},"_links":{"self":[{"href":"https:\/\/silejapon-m-etaitconte.com\/index.php\/wp-json\/wp\/v2\/pages\/1043","targetHints":{"allow":["GET"]}}],"collection":[{"href":"https:\/\/silejapon-m-etaitconte.com\/index.php\/wp-json\/wp\/v2\/pages"}],"about":[{"href":"https:\/\/silejapon-m-etaitconte.com\/index.php\/wp-json\/wp\/v2\/types\/page"}],"author":[{"embeddable":true,"href":"https:\/\/silejapon-m-etaitconte.com\/index.php\/wp-json\/wp\/v2\/users\/1"}],"replies":[{"embeddable":true,"href":"https:\/\/silejapon-m-etaitconte.com\/index.php\/wp-json\/wp\/v2\/comments?post=1043"}],"version-history":[{"count":15,"href":"https:\/\/silejapon-m-etaitconte.com\/index.php\/wp-json\/wp\/v2\/pages\/1043\/revisions"}],"predecessor-version":[{"id":1073,"href":"https:\/\/silejapon-m-etaitconte.com\/index.php\/wp-json\/wp\/v2\/pages\/1043\/revisions\/1073"}],"wp:attachment":[{"href":"https:\/\/silejapon-m-etaitconte.com\/index.php\/wp-json\/wp\/v2\/media?parent=1043"}],"curies":[{"name":"wp","href":"https:\/\/api.w.org\/{rel}","templated":true}]}}